{"id":11,"date":"2010-10-01T13:45:10","date_gmt":"2010-10-01T13:45:10","guid":{"rendered":"http:\/\/geraldine.gouin.free.fr\/wordpress\/?page_id=11"},"modified":"2025-12-03T09:52:14","modified_gmt":"2025-12-03T09:52:14","slug":"division-2","status":"publish","type":"page","link":"http:\/\/www.cjfbadminton-stmalo.com\/?page_id=11","title":{"rendered":"Interclubs Mixte PR35"},"content":{"rendered":"\n<h2 class=\"wp-block-heading\">Saison 2025-2026<\/h2>\n\n\n\n<p>Composition de l&rsquo;\u00e9quipe<\/p>\n\n\n\n<figure class=\"wp-block-table\"><table class=\"has-fixed-layout\"><tbody><tr><td>Femmes<\/td><td>Hommes<\/td><\/tr><tr><td>C\u00e9line DUCROS<\/td><td>Thomas CHEVALIER<\/td><\/tr><tr><td>H\u00e9l\u00e8ne MICHELI<\/td><td>Ga\u00ebl LE BERRE (capitaine)<\/td><\/tr><tr><td>Ana\u00efs MOREAUX<\/td><td>Charles LE BRUN<\/td><\/tr><tr><td>Pauline VERITE<\/td><td>Johnny ONEPHANDARA<\/td><\/tr><tr><td><\/td><td>C\u00e9dric PIETRACQUA<\/td><\/tr><tr><td><\/td><td>Thomas PUERTOLAS<\/td><\/tr><\/tbody><\/table><\/figure>\n\n\n\n<figure class=\"wp-block-image size-large\"><img loading=\"lazy\" decoding=\"async\" width=\"1024\" height=\"715\" src=\"http:\/\/www.cjfbadminton-stmalo.com\/wp-content\/uploads\/Capture-decran-2025-12-03-a-10.51.33-1024x715.png\" alt=\"\" class=\"wp-image-3131\" srcset=\"http:\/\/www.cjfbadminton-stmalo.com\/wp-content\/uploads\/Capture-decran-2025-12-03-a-10.51.33-1024x715.png 1024w, http:\/\/www.cjfbadminton-stmalo.com\/wp-content\/uploads\/Capture-decran-2025-12-03-a-10.51.33-300x209.png 300w, http:\/\/www.cjfbadminton-stmalo.com\/wp-content\/uploads\/Capture-decran-2025-12-03-a-10.51.33-768x536.png 768w, http:\/\/www.cjfbadminton-stmalo.com\/wp-content\/uploads\/Capture-decran-2025-12-03-a-10.51.33-1536x1072.png 1536w, http:\/\/www.cjfbadminton-stmalo.com\/wp-content\/uploads\/Capture-decran-2025-12-03-a-10.51.33.png 1584w\" sizes=\"auto, (max-width: 1024px) 100vw, 1024px\" \/><\/figure>\n\n\n\n<figure class=\"wp-block-image size-large\"><img loading=\"lazy\" decoding=\"async\" width=\"1024\" height=\"698\" src=\"http:\/\/www.cjfbadminton-stmalo.com\/wp-content\/uploads\/Capture-decran-2025-12-03-a-08.30.48-1024x698.png\" alt=\"\" class=\"wp-image-3078\" srcset=\"http:\/\/www.cjfbadminton-stmalo.com\/wp-content\/uploads\/Capture-decran-2025-12-03-a-08.30.48-1024x698.png 1024w, http:\/\/www.cjfbadminton-stmalo.com\/wp-content\/uploads\/Capture-decran-2025-12-03-a-08.30.48-300x205.png 300w, http:\/\/www.cjfbadminton-stmalo.com\/wp-content\/uploads\/Capture-decran-2025-12-03-a-08.30.48-768x524.png 768w, http:\/\/www.cjfbadminton-stmalo.com\/wp-content\/uploads\/Capture-decran-2025-12-03-a-08.30.48-1536x1047.png 1536w, http:\/\/www.cjfbadminton-stmalo.com\/wp-content\/uploads\/Capture-decran-2025-12-03-a-08.30.48.png 1622w\" sizes=\"auto, (max-width: 1024px) 100vw, 1024px\" \/><\/figure>\n\n\n\n<figure class=\"wp-block-image size-large\"><img loading=\"lazy\" decoding=\"async\" width=\"1024\" height=\"709\" src=\"http:\/\/www.cjfbadminton-stmalo.com\/wp-content\/uploads\/Capture-decran-2025-12-03-a-08.44.02-1024x709.png\" alt=\"\" class=\"wp-image-3088\" srcset=\"http:\/\/www.cjfbadminton-stmalo.com\/wp-content\/uploads\/Capture-decran-2025-12-03-a-08.44.02-1024x709.png 1024w, http:\/\/www.cjfbadminton-stmalo.com\/wp-content\/uploads\/Capture-decran-2025-12-03-a-08.44.02-300x208.png 300w, http:\/\/www.cjfbadminton-stmalo.com\/wp-content\/uploads\/Capture-decran-2025-12-03-a-08.44.02-768x532.png 768w, http:\/\/www.cjfbadminton-stmalo.com\/wp-content\/uploads\/Capture-decran-2025-12-03-a-08.44.02-1536x1063.png 1536w, http:\/\/www.cjfbadminton-stmalo.com\/wp-content\/uploads\/Capture-decran-2025-12-03-a-08.44.02.png 1612w\" sizes=\"auto, (max-width: 1024px) 100vw, 1024px\" \/><\/figure>\n\n\n\n<h2 class=\"wp-block-heading\">Saison 2018 &#8211; 2019 :<\/h2>\n\n\n\n<p>L&rsquo;\u00e9quipe s&rsquo;est une nouvelle fois bien d\u00e9fendue la saison derni\u00e8re en terminant 3\u00e8me de sa poule et s&rsquo;est donc maintenue en D1.<\/p>\n\n\n\n<p>Une \u00e9quipe remani\u00e9e pour les gar\u00e7ons et pratiquement inchang\u00e9e pour les filles, mais cela ne perturbe pas le capitaine, toujours fid\u00e8le au poste !!<\/p>\n\n\n\n<p><span style=\"display: inline !important; float: none; background-color: transparent; color: #141412; cursor: text; font-family: 'Source Sans Pro',Helvetica,sans-serif; font-size: 16px; font-style: normal; font-variant: normal; font-weight: 400; letter-spacing: normal; orphans: 2; text-align: left; text-decoration: none; text-indent: 0px; text-transform: none; -webkit-text-stroke-width: 0px; white-space: normal; word-spacing: 0px;\">L&rsquo;\u00e9quipe joue en <\/span><strong>D\u00e9partementale 1, poule A<\/strong> et se compose de :&nbsp;<b>Manue<\/b><span style=\"display: inline !important; float: none; background-color: transparent; color: #141412; cursor: text; font-family: 'Source Sans Pro',Helvetica,sans-serif; font-size: 16px; font-style: normal; font-variant: normal; font-weight: 400; letter-spacing: normal; orphans: 2; text-align: left; text-decoration: none; text-indent: 0px; text-transform: none; -webkit-text-stroke-width: 0px; white-space: normal; word-spacing: 0px;\">, Charlotte, Typhaine et Meguane, Anthony L, Thomas, Ludo, C\u00e9dric<\/span><\/p>\n\n\n\n<p><strong>Calendrier et R\u00e9sultats<\/strong><\/p>\n\n\n\n<figure class=\"wp-block-table\"><table class=\"has-fixed-layout\"><tbody><tr><th class=\"has-text-align-center\" data-align=\"center\">Date<\/th><th class=\"has-text-align-center\" data-align=\"center\">Journ\u00e9e<\/th><th class=\"has-text-align-center\" data-align=\"center\">Rencontre<\/th><th class=\"has-text-align-center\" data-align=\"center\">R\u00e9sultat<\/th><th class=\"has-text-align-center\" data-align=\"center\">Classement<\/th><\/tr><tr><td>15\/10-09\/11\/2018<\/td><td>J1<\/td><td>CJF 1 &#8211; VITRE<\/td><td class=\"has-text-align-center\" data-align=\"center\"><a href=\"http:\/\/www.cjfbadminton-stmalo.com\/?p=2432\">4 \/ 4<\/a><\/td><td class=\"has-text-align-center\" data-align=\"center\">5\u00e8me<\/td><\/tr><tr><td>12\/11 &#8211; 23\/11\/2018<\/td><td>J2<\/td><td>FIB ST GREGOIRE 1 &#8211; CJF 1<\/td><td class=\"has-text-align-center\" data-align=\"center\"><a href=\"http:\/\/www.cjfbadminton-stmalo.com\/?p=2468\">7 \/ 1<\/a><\/td><td class=\"has-text-align-center\" data-align=\"center\">8\u00e8me<\/td><\/tr><tr><td>26\/11 &#8211; 7\/12\/2018<\/td><td>J3<\/td><td>CJF 1 &#8211; VERN 2<\/td><td class=\"has-text-align-center\" data-align=\"center\"><a href=\"http:\/\/www.cjfbadminton-stmalo.com\/?p=2486\">5 \/ 3<\/a><\/td><td class=\"has-text-align-center\" data-align=\"center\">5\u00e8me<\/td><\/tr><tr><td>10\/12 &#8211; 21\/12\/2018<\/td><td>J4<\/td><td>EXEMPT<\/td><td class=\"has-text-align-center\" data-align=\"center\">&#8212;-<\/td><td class=\"has-text-align-center\" data-align=\"center\">&#8212;-<\/td><\/tr><tr><td>14\/01 &#8211; 25\/01\/2019<\/td><td>J5<\/td><td>CJF 1 &#8211; BCPF TREMBLAY 1<\/td><td class=\"has-text-align-center\" data-align=\"center\"><a href=\"http:\/\/www.cjfbadminton-stmalo.com\/?p=2493\">6 \/ 2<\/a><\/td><td class=\"has-text-align-center\" data-align=\"center\">7\u00e8me<\/td><\/tr><tr><td>28\/01 &#8211; 08\/02\/2019<\/td><td>J6<\/td><td>NOYAL 1 &#8211; CJF 1<\/td><td class=\"has-text-align-center\" data-align=\"center\">&nbsp;<\/td><td class=\"has-text-align-center\" data-align=\"center\">&nbsp;<\/td><\/tr><tr><td>25\/02 &#8211; 08\/03\/2019<\/td><td>J7<\/td><td>CJF 1 &#8211; BALAZE 1<\/td><td class=\"has-text-align-center\" data-align=\"center\">&nbsp;<\/td><td class=\"has-text-align-center\" data-align=\"center\">&nbsp;<\/td><\/tr><tr><td>11\/03 &#8211; 22\/03\/2019<\/td><td>J8<\/td><td>ST JACQUES 5 &#8211; CJF 1<\/td><td class=\"has-text-align-center\" data-align=\"center\">&nbsp;<\/td><td class=\"has-text-align-center\" data-align=\"center\">&nbsp;<\/td><\/tr><tr><td>25\/03 &#8211; 05\/04\/2019<\/td><td>J9<\/td><td>FIB PACE 1 &#8211; CJF 1<\/td><td class=\"has-text-align-center\" data-align=\"center\">&nbsp;<\/td><td class=\"has-text-align-center\" data-align=\"center\">&nbsp;<\/td><\/tr><tr><td>22\/04 &#8211; 03\/05\/2019<\/td><td>J10<\/td><td>CJF 1 &#8211; CHATEAUBOURG 1<\/td><td class=\"has-text-align-center\" data-align=\"center\">&nbsp;<\/td><td class=\"has-text-align-center\" data-align=\"center\">&nbsp;<\/td><\/tr><tr><td>06\/05 &#8211; 17\/05\/2019<\/td><td>J11<\/td><td>LIFFRE 1 &#8211; CJF 1<\/td><td class=\"has-text-align-center\" data-align=\"center\">&nbsp;<\/td><td class=\"has-text-align-center\" data-align=\"center\">&nbsp;<\/td><\/tr><\/tbody><\/table><\/figure>\n\n\n\n<p>&nbsp;<\/p>\n\n\n\n<h2 class=\"wp-block-heading\">Saison 2017 &#8211; 2018 :<\/h2>\n\n\n\n<p>Apr\u00e8s une brillante saison 2016-2017, o\u00f9 l&rsquo;\u00e9quipe a termin\u00e9 3\u00e8me du championnat (m\u00eame nombre de points que le 2\u00e8me), l&rsquo;\u00e9quipe 1 joue encore cette saison en D\u00e9partementale 1.<\/p>\n\n\n\n<p>Encore des changements dans l&rsquo;\u00e9quipe cette saison aussi bien du c\u00f4t\u00e9 des gar\u00e7ons que des filles mais le capitaine reste inchang\u00e9 pour mener tous ces pimousses au plus haut dans le classement<\/p>\n\n\n\n<p><strong>L&rsquo;\u00e9quipe se compose de : Manue<\/strong>, Pauline,Typhaine et Meguane. Chez les gar\u00e7ons : Guillaume, Anthony LP, J\u00e9r\u00e9my<\/p>\n\n\n<div class=\"wp-block-image wp-image-2035 size-large\">\n<figure class=\"aligncenter\"><img loading=\"lazy\" decoding=\"async\" width=\"1024\" height=\"768\" src=\"http:\/\/www.cjfbadminton-stmalo.com\/wp-content\/uploads\/Equipe1_J1-bis-1024x768.jpg\" alt=\"\" class=\"wp-image-2035\" srcset=\"http:\/\/www.cjfbadminton-stmalo.com\/wp-content\/uploads\/Equipe1_J1-bis-1024x768.jpg 1024w, http:\/\/www.cjfbadminton-stmalo.com\/wp-content\/uploads\/Equipe1_J1-bis-300x225.jpg 300w, http:\/\/www.cjfbadminton-stmalo.com\/wp-content\/uploads\/Equipe1_J1-bis-768x576.jpg 768w\" sizes=\"auto, (max-width: 1024px) 100vw, 1024px\" \/><figcaption class=\"wp-element-caption\">Equipe 1 &#8211; Saison 2017\/2018<\/figcaption><\/figure>\n<\/div>\n\n\n<p>L&rsquo;\u00e9quipe joue en <strong>D\u00e9partementale 1, poule B<\/strong><\/p>\n\n\n\n<p><strong>Calendrier et R\u00e9sultats<\/strong><\/p>\n\n\n\n<figure class=\"wp-block-table\"><table class=\"has-fixed-layout\"><tbody><tr><th class=\"has-text-align-center\" data-align=\"center\">Date<\/th><th class=\"has-text-align-center\" data-align=\"center\">Journ\u00e9e<\/th><th class=\"has-text-align-center\" data-align=\"center\">Rencontre<\/th><th class=\"has-text-align-center\" data-align=\"center\">R\u00e9sultat<\/th><th class=\"has-text-align-center\" data-align=\"center\">Classement<\/th><\/tr><tr><td>10\/10-10\/11\/2017<\/td><td>J1<\/td><td>ST JACQUES 5 &#8211; CJF 1<\/td><td class=\"has-text-align-center\" data-align=\"center\"><a href=\"http:\/\/www.cjfbadminton-stmalo.com\/?p=2150\">4 \/ 4<\/a><\/td><td class=\"has-text-align-center\" data-align=\"center\">&nbsp;4\u00e8me<\/td><\/tr><tr><td>13\/11 &#8211; 24\/11\/2017<\/td><td>J2<\/td><td>CJF 1 &#8211; VITRE 1<\/td><td class=\"has-text-align-center\" data-align=\"center\"><a href=\"http:\/\/www.cjfbadminton-stmalo.com\/?p=2158\">&nbsp;7 \/ 1<\/a><\/td><td class=\"has-text-align-center\" data-align=\"center\">&nbsp;&#8212;<\/td><\/tr><tr><td>27\/11 &#8211; 8\/12\/2017<\/td><td>J3<\/td><td>REC 3 &#8211; CJF 1<\/td><td class=\"has-text-align-center\" data-align=\"center\"><a href=\"http:\/\/www.cjfbadminton-stmalo.com\/?p=2182\">&nbsp;4 \/ 4<\/a><\/td><td class=\"has-text-align-center\" data-align=\"center\">&nbsp;&#8212;<\/td><\/tr><tr><td>11\/12 &#8211; 22\/12\/2017<\/td><td>J4<\/td><td>CJF 1 &#8211; JA SAINT SERVAN 2<\/td><td class=\"has-text-align-center\" data-align=\"center\"><a href=\"http:\/\/www.cjfbadminton-stmalo.com\/?p=2220\">5 \/ 3&nbsp;<\/a><\/td><td class=\"has-text-align-center\" data-align=\"center\">2\u00e8me<\/td><\/tr><tr><td>15\/01 &#8211; 26\/01\/2018<\/td><td>J5<\/td><td>BCPF TREMBLAY 1 &#8211; CJF 1<\/td><td class=\"has-text-align-center\" data-align=\"center\">&nbsp;<a href=\"http:\/\/www.cjfbadminton-stmalo.com\/?p=2240\">1 \/ 7<\/a><\/td><td class=\"has-text-align-center\" data-align=\"center\">&nbsp;1er<\/td><\/tr><tr><td>29\/01 &#8211; 09\/02\/2018<\/td><td>J6<\/td><td>CJF 1 &#8211; LIFFRE 1<\/td><td class=\"has-text-align-center\" data-align=\"center\"><a href=\"http:\/\/www.cjfbadminton-stmalo.com\/?p=2242\">2 \/ 6&nbsp;<\/a><\/td><td class=\"has-text-align-center\" data-align=\"center\">1er&nbsp;<\/td><\/tr><tr><td>12\/02 &#8211; 23\/02\/2018<\/td><td>J7<\/td><td>BALAZE 1 &#8211; CJF 1<\/td><td class=\"has-text-align-center\" data-align=\"center\">&nbsp;<a href=\"http:\/\/www.cjfbadminton-stmalo.com\/?p=2278\">5 \/ 3<\/a><\/td><td class=\"has-text-align-center\" data-align=\"center\">&nbsp;4\u00e8me<\/td><\/tr><tr><td>12\/03 &#8211; 23\/03\/2018<\/td><td>J8<\/td><td>CJF 1 &#8211; NOYAL 1<\/td><td class=\"has-text-align-center\" data-align=\"center\">&nbsp;5 \/ 3<\/td><td class=\"has-text-align-center\" data-align=\"center\">&nbsp;<\/td><\/tr><tr><td>26\/03 &#8211; 06\/04\/2018<\/td><td>J9<\/td><td>BETTON 1 &#8211; CJF 1<\/td><td class=\"has-text-align-center\" data-align=\"center\">&nbsp; 3 \/ 5<\/td><td class=\"has-text-align-center\" data-align=\"center\">&nbsp;<\/td><\/tr><tr><td>09\/04 &#8211; 20\/04\/2018<\/td><td>J10<\/td><td>EXEMPT<\/td><td class=\"has-text-align-center\" data-align=\"center\">&nbsp;<\/td><td class=\"has-text-align-center\" data-align=\"center\">&nbsp;<\/td><\/tr><tr><td>07\/05 &#8211; 18\/05\/2018<\/td><td>J11<\/td><td>GOSNE 1 &#8211; CJF 1<\/td><td class=\"has-text-align-center\" data-align=\"center\">&nbsp;1 \/ 7<\/td><td class=\"has-text-align-center\" data-align=\"center\">3\u00e8me<\/td><\/tr><\/tbody><\/table><\/figure>\n\n\n\n<h2 class=\"wp-block-heading\">Saison 2016 &#8211; 2017 :<\/h2>\n\n\n\n<p>Encore une \u00e9quipe remani\u00e9e cette saison, avec de nouvelles recrues mais on garde d&rsquo;anciens joueurs\/joueuses pour assurer l&rsquo;ambiance et le coaching de l&rsquo;\u00e9quipe !<\/p>\n\n\n\n<p>La capitaine ne change pas, elle qui a r\u00e9ussi \u00e0 gagner 2 fois la saison pass\u00e9e et \u00e0 maintenir l&rsquo;\u00e9quipe en D1 \u00e0 la r\u00e9guli\u00e8re (sans rep\u00eachage !), c&rsquo;est donc Toujours Cap&rsquo;tain Manue.<\/p>\n\n\n\n<p><strong>L&rsquo;\u00e9quipe se compose de :<\/strong> Manue, Christelle, Ga\u00eblle, Pauline et Typhaine. Chez les gar\u00e7ons : Guillaume, Anthony LP, C\u00e9dric, Hugo, Ga\u00ebl<br>L&rsquo;\u00e9quipe jouait en <strong>D\u00e9partementale 1, poule A<\/strong><\/p>\n\n\n<div class=\"wp-block-image\">\n<figure class=\"aligncenter\"><a href=\"http:\/\/www.cjfbadminton-stmalo.com\/wp-content\/uploads\/Equipe-1-Saison-2016-17.jpg\"><img loading=\"lazy\" decoding=\"async\" width=\"960\" height=\"692\" src=\"http:\/\/www.cjfbadminton-stmalo.com\/wp-content\/uploads\/Equipe-1-Saison-2016-17.jpg\" alt=\"Equipe 1 Saison 2016-17\" class=\"wp-image-1873\" srcset=\"http:\/\/www.cjfbadminton-stmalo.com\/wp-content\/uploads\/Equipe-1-Saison-2016-17.jpg 960w, http:\/\/www.cjfbadminton-stmalo.com\/wp-content\/uploads\/Equipe-1-Saison-2016-17-300x216.jpg 300w, http:\/\/www.cjfbadminton-stmalo.com\/wp-content\/uploads\/Equipe-1-Saison-2016-17-768x554.jpg 768w\" sizes=\"auto, (max-width: 960px) 100vw, 960px\" \/><\/a><figcaption class=\"wp-element-caption\">Equipe 1 Saison 2016-17<\/figcaption><\/figure>\n<\/div>\n\n\n<p><strong>Calendrier et R\u00e9sultats<\/strong><\/p>\n\n\n\n<figure class=\"wp-block-table\"><table class=\"has-fixed-layout\"><tbody><tr><th>Date<\/th><th>Journ\u00e9e<\/th><th>Rencontre<\/th><th>R\u00e9sultat<\/th><th>Classement<\/th><\/tr><tr><td>7\/11-18\/11\/2016<\/td><td>J1<\/td><td>NOYAL 1 &#8211; CJF 1<\/td><td class=\"has-text-align-center\" data-align=\"center\">2\/6<\/td><td class=\"has-text-align-center\" data-align=\"center\">2\u00e8me<\/td><\/tr><tr><td>21\/11 &#8211; 02\/12\/2016<\/td><td>J2<\/td><td>CJF 1 &#8211; BCPF TREMBLAY<\/td><td class=\"has-text-align-center\" data-align=\"center\">7\/1<\/td><td class=\"has-text-align-center\" data-align=\"center\">1er<\/td><\/tr><tr><td>05\/12 &#8211; 16\/12\/2016<\/td><td>J3<\/td><td>BALAZE 1 &#8211; CJF 1<\/td><td class=\"has-text-align-center\" data-align=\"center\">3\/5<\/td><td class=\"has-text-align-center\" data-align=\"center\">2\u00e8me<\/td><\/tr><tr><td>09\/01 &#8211; 20\/01\/2017<\/td><td>J4<\/td><td>CJF 1 &#8211; JA SAINT SERVAN 2<\/td><td class=\"has-text-align-center\" data-align=\"center\">5\/3<\/td><td class=\"has-text-align-center\" data-align=\"center\">&nbsp;1er<\/td><\/tr><tr><td>23\/01 &#8211; 03\/02\/2017<\/td><td>J5<\/td><td>LA BOUXIERE 1 &#8211; CJF 1<\/td><td class=\"has-text-align-center\" data-align=\"center\">7\/1&nbsp;<\/td><td class=\"has-text-align-center\" data-align=\"center\">3\u00e8me&nbsp;<\/td><\/tr><tr><td>27\/02 &#8211; 10\/03\/2017<\/td><td>J6<\/td><td>CJF 1 &#8211; VITRE 1<\/td><td class=\"has-text-align-center\" data-align=\"center\">&nbsp;5 \/ 3<\/td><td class=\"has-text-align-center\" data-align=\"center\">&nbsp;3\u00e8me<\/td><\/tr><tr><td>13\/03 &#8211; 24\/03\/2017<\/td><td>J7<\/td><td>CJF 1 &#8211; GEVEZE 1<\/td><td class=\"has-text-align-center\" data-align=\"center\">7 \/ 1&nbsp;<\/td><td class=\"has-text-align-center\" data-align=\"center\">3\u00e8me&nbsp;<\/td><\/tr><tr><td>27\/03 &#8211; 07\/04\/2017<\/td><td>J8<\/td><td>LIFFRE 1 &#8211; CJF 1<\/td><td class=\"has-text-align-center\" data-align=\"center\">5 \/ 3&nbsp;<\/td><td class=\"has-text-align-center\" data-align=\"center\">&nbsp;&#8212;-<\/td><\/tr><tr><td>24\/04 &#8211; 05\/05\/2017<\/td><td>J9<\/td><td>SAINT JACQUES 4 &#8211; CJF 1<\/td><td class=\"has-text-align-center\" data-align=\"center\">&nbsp;5 \/ 3<\/td><td class=\"has-text-align-center\" data-align=\"center\">&nbsp;3\u00e8me<\/td><\/tr><\/tbody><\/table><\/figure>\n\n\n\n<h2 class=\"wp-block-heading\">&nbsp;<\/h2>\n\n\n\n<p>&nbsp;<\/p>\n","protected":false},"excerpt":{"rendered":"<p>Saison 2025-2026 Composition de l&rsquo;\u00e9quipe Femmes Hommes C\u00e9line DUCROS Thomas CHEVALIER H\u00e9l\u00e8ne MICHELI Ga\u00ebl LE BERRE (capitaine) Ana\u00efs MOREAUX Charles LE BRUN Pauline VERITE Johnny ONEPHANDARA C\u00e9dric PIETRACQUA Thomas PUERTOLAS Saison 2018 &#8211; 2019 : L&rsquo;\u00e9quipe s&rsquo;est une nouvelle fois bien d\u00e9fendue la saison derni\u00e8re en terminant 3\u00e8me de sa poule et s&rsquo;est donc maintenue &hellip; <a href=\"http:\/\/www.cjfbadminton-stmalo.com\/?page_id=11\" class=\"more-link\">Continuer la lecture de <span class=\"screen-reader-text\">Interclubs Mixte PR35<\/span> <span class=\"meta-nav\">&rarr;<\/span><\/a><\/p>\n","protected":false},"author":1,"featured_media":0,"parent":4,"menu_order":0,"comment_status":"closed","ping_status":"open","template":"","meta":{"ngg_post_thumbnail":0,"footnotes":""},"class_list":["post-11","page","type-page","status-publish","hentry"],"_links":{"self":[{"href":"http:\/\/www.cjfbadminton-stmalo.com\/index.php?rest_route=\/wp\/v2\/pages\/11","targetHints":{"allow":["GET"]}}],"collection":[{"href":"http:\/\/www.cjfbadminton-stmalo.com\/index.php?rest_route=\/wp\/v2\/pages"}],"about":[{"href":"http:\/\/www.cjfbadminton-stmalo.com\/index.php?rest_route=\/wp\/v2\/types\/page"}],"author":[{"embeddable":true,"href":"http:\/\/www.cjfbadminton-stmalo.com\/index.php?rest_route=\/wp\/v2\/users\/1"}],"replies":[{"embeddable":true,"href":"http:\/\/www.cjfbadminton-stmalo.com\/index.php?rest_route=%2Fwp%2Fv2%2Fcomments&post=11"}],"version-history":[{"count":117,"href":"http:\/\/www.cjfbadminton-stmalo.com\/index.php?rest_route=\/wp\/v2\/pages\/11\/revisions"}],"predecessor-version":[{"id":3132,"href":"http:\/\/www.cjfbadminton-stmalo.com\/index.php?rest_route=\/wp\/v2\/pages\/11\/revisions\/3132"}],"up":[{"embeddable":true,"href":"http:\/\/www.cjfbadminton-stmalo.com\/index.php?rest_route=\/wp\/v2\/pages\/4"}],"wp:attachment":[{"href":"http:\/\/www.cjfbadminton-stmalo.com\/index.php?rest_route=%2Fwp%2Fv2%2Fmedia&parent=11"}],"curies":[{"name":"wp","href":"https:\/\/api.w.org\/{rel}","templated":true}]}}