{"id":526,"date":"2012-10-12T13:53:17","date_gmt":"2012-10-12T13:53:17","guid":{"rendered":"http:\/\/www.cjfbadminton-stmalo.com\/?page_id=526"},"modified":"2025-12-03T08:45:16","modified_gmt":"2025-12-03T08:45:16","slug":"division-5","status":"publish","type":"page","link":"http:\/\/www.cjfbadminton-stmalo.com\/?page_id=526","title":{"rendered":"Interclubs Mixte D2"},"content":{"rendered":"\n<h2 class=\"wp-block-heading\">Saison 2025-2026<\/h2>\n\n\n\n<p>Composition de l&rsquo;\u00e9quipe&nbsp;<\/p>\n\n\n\n<p>&nbsp;<\/p>\n\n\n\n<div class=\"wp-block-group\"><div class=\"wp-block-group__inner-container is-layout-constrained wp-block-group-is-layout-constrained\">\n<figure class=\"wp-block-table\"><table class=\"has-fixed-layout\"><tbody><tr><td>Hommes <\/td><td>Femmes<\/td><\/tr><tr><td>Baptiste BOYER<\/td><td>Thiphaine BARBE<\/td><\/tr><tr><td>Mathieu GALLARD<\/td><td>Christelle GUIO<\/td><\/tr><tr><td>Ludovic LE GAL<\/td><td>Chiraz ROY<\/td><\/tr><tr><td>Guillaume MEIRSMAN (capitaine)<\/td><td>Laura TEXIER<\/td><\/tr><tr><td>Cl\u00e9ment PALOS<\/td><td>Ang\u00e9lique TRUCAS<\/td><\/tr><tr><td><\/td><td>C\u00e9lia ZEGHERS-MERDRIGNAC<\/td><\/tr><\/tbody><\/table><\/figure>\n<\/div><\/div>\n\n\n\n<figure class=\"wp-block-image size-large\"><img loading=\"lazy\" decoding=\"async\" width=\"1024\" height=\"639\" src=\"http:\/\/www.cjfbadminton-stmalo.com\/wp-content\/uploads\/Capture-decran-2025-12-03-a-09.23.39-1024x639.png\" alt=\"\" class=\"wp-image-3118\" srcset=\"http:\/\/www.cjfbadminton-stmalo.com\/wp-content\/uploads\/Capture-decran-2025-12-03-a-09.23.39-1024x639.png 1024w, http:\/\/www.cjfbadminton-stmalo.com\/wp-content\/uploads\/Capture-decran-2025-12-03-a-09.23.39-300x187.png 300w, http:\/\/www.cjfbadminton-stmalo.com\/wp-content\/uploads\/Capture-decran-2025-12-03-a-09.23.39-768x479.png 768w, http:\/\/www.cjfbadminton-stmalo.com\/wp-content\/uploads\/Capture-decran-2025-12-03-a-09.23.39-1536x959.png 1536w, http:\/\/www.cjfbadminton-stmalo.com\/wp-content\/uploads\/Capture-decran-2025-12-03-a-09.23.39.png 1788w\" sizes=\"auto, (max-width: 1024px) 100vw, 1024px\" \/><\/figure>\n\n\n\n<figure class=\"wp-block-image size-large\"><img loading=\"lazy\" decoding=\"async\" width=\"1024\" height=\"667\" src=\"http:\/\/www.cjfbadminton-stmalo.com\/wp-content\/uploads\/Capture-decran-2025-12-03-a-08.30.27-1024x667.png\" alt=\"\" class=\"wp-image-3079\" srcset=\"http:\/\/www.cjfbadminton-stmalo.com\/wp-content\/uploads\/Capture-decran-2025-12-03-a-08.30.27-1024x667.png 1024w, http:\/\/www.cjfbadminton-stmalo.com\/wp-content\/uploads\/Capture-decran-2025-12-03-a-08.30.27-300x195.png 300w, http:\/\/www.cjfbadminton-stmalo.com\/wp-content\/uploads\/Capture-decran-2025-12-03-a-08.30.27-768x500.png 768w, http:\/\/www.cjfbadminton-stmalo.com\/wp-content\/uploads\/Capture-decran-2025-12-03-a-08.30.27-1536x1001.png 1536w, http:\/\/www.cjfbadminton-stmalo.com\/wp-content\/uploads\/Capture-decran-2025-12-03-a-08.30.27.png 1682w\" sizes=\"auto, (max-width: 1024px) 100vw, 1024px\" \/><\/figure>\n\n\n\n<figure class=\"wp-block-image size-large\"><img loading=\"lazy\" decoding=\"async\" width=\"1024\" height=\"655\" src=\"http:\/\/www.cjfbadminton-stmalo.com\/wp-content\/uploads\/Capture-decran-2025-11-17-a-09.02.45-1024x655.png\" alt=\"\" class=\"wp-image-3050\" srcset=\"http:\/\/www.cjfbadminton-stmalo.com\/wp-content\/uploads\/Capture-decran-2025-11-17-a-09.02.45-1024x655.png 1024w, http:\/\/www.cjfbadminton-stmalo.com\/wp-content\/uploads\/Capture-decran-2025-11-17-a-09.02.45-300x192.png 300w, http:\/\/www.cjfbadminton-stmalo.com\/wp-content\/uploads\/Capture-decran-2025-11-17-a-09.02.45-768x491.png 768w, http:\/\/www.cjfbadminton-stmalo.com\/wp-content\/uploads\/Capture-decran-2025-11-17-a-09.02.45.png 1536w\" sizes=\"auto, (max-width: 1024px) 100vw, 1024px\" \/><\/figure>\n\n\n\n<h2 class=\"wp-block-heading\">Saison 2018 &#8211; 2019 :&nbsp;<\/h2>\n\n\n\n<p>Pour sa premi\u00e8re saison en D2, l&rsquo;\u00e9quipe s&rsquo;en est bien sortie et termine 3\u00e8me de sa poule et assure facilement son maintien dans la m\u00eame division.<\/p>\n\n\n\n<p>Un peu de remaniement dans cette \u00e9quipe toujours men\u00e9e de main de ma\u00eetre par Antho, elle se compose : C\u00e9line, Christelle, Marine, Tiphaine, Antho, Ga\u00e9tan, Guillaume, Pierre<\/p>\n\n\n\n<p><strong>Calendrier et R\u00e9sultats<\/strong><\/p>\n\n\n\n<figure class=\"wp-block-table\"><table class=\"has-fixed-layout\"><tbody><tr><th>Date<\/th><th>Journ\u00e9e<\/th><th>Rencontre<\/th><th>R\u00e9sultat<\/th><th>Classement<\/th><\/tr><tr><td>15\/10-09\/11\/2018<\/td><td>J1<\/td><td>LA CHAPELLE &#8211; CJF 2<\/td><td><a href=\"http:\/\/www.cjfbadminton-stmalo.com\/?p=2426\">1 \/ 7<\/a><\/td><td>2\u00e8me<\/td><\/tr><tr><td>12\/11 &#8211; 23\/11\/2018<\/td><td>J2<\/td><td>CJF 2 &#8211; JAVENE 2<\/td><td><a href=\"http:\/\/www.cjfbadminton-stmalo.com\/?p=2447\">3 \/ 5<\/a><\/td><td>7\u00e8me<\/td><\/tr><tr><td>26\/11 &#8211; 7\/12\/2018<\/td><td>J3<\/td><td>COMBOURG 1 &#8211; CJF 2<\/td><td>4 \/ 4<\/td><td>&#8212;-<\/td><\/tr><tr><td>10\/12 &#8211; 21\/12\/2018<\/td><td>J4<\/td><td>CJF 2 &#8211; JA ST MALO 3<\/td><td>3 \/ 5<\/td><td>&#8212;-<\/td><\/tr><tr><td>14\/01 &#8211; 25\/01\/2019<\/td><td>J5<\/td><td>REC 4 &#8211; CJF 2<\/td><td>5 \/ 3<\/td><td>&#8212;-<\/td><\/tr><tr><td>28\/01 &#8211; 08\/02\/2019<\/td><td>J6<\/td><td>CJF 2 &#8211; FIB ST GREGOIRE 2<\/td><td>4 \/ 4<\/td><td>6\u00e8me<\/td><\/tr><tr><td>25\/02 &#8211; 08\/03\/2019<\/td><td>J7<\/td><td>CJF 2 &#8211; FIB PACE 2<\/td><td>&nbsp;<\/td><td>&nbsp;<\/td><\/tr><tr><td>11\/03 &#8211; 22\/03\/2019<\/td><td>J8<\/td><td>BCPF FOUGERES 1 &#8211; CJF 2<\/td><td>&nbsp;<\/td><td>&nbsp;<\/td><\/tr><tr><td>25\/03 &#8211; 05\/04\/2019<\/td><td>J9<\/td><td>EXEMPT<\/td><td>&nbsp;<\/td><td>&nbsp;<\/td><\/tr><tr><td>22\/04 &#8211; 03\/05\/2019<\/td><td>J10<\/td><td>MAURE 5 &#8211; CJF 2<\/td><td>&nbsp;<\/td><td>&nbsp;<\/td><\/tr><tr><td>06\/05 &#8211; 17\/05\/2019<\/td><td>J11<\/td><td>CJF 2 &#8211; CPB RENNES 2<\/td><td>&nbsp;<\/td><td>&nbsp;<\/td><\/tr><\/tbody><\/table><\/figure>\n\n\n\n<p>&nbsp;<\/p>\n\n\n\n<h2 class=\"wp-block-heading\">Saison 2017 &#8211; 2018 :&nbsp;<\/h2>\n\n\n\n<p>Apr\u00e8s une brillante saison 2016\/2017 o\u00f9 l&rsquo;\u00e9quipe 3 a termin\u00e9 premi\u00e8re de sa poule et a atteint la finale du championnat D3, elle acc\u00e8de \u00e0 la division sup\u00e9rieure : D2. L&rsquo;\u00e9quipe se transforme donc en Equipe 2.<\/p>\n\n\n\n<p>Quelques modifications dans la composition de l&rsquo;\u00e9quipe toujours men\u00e9e de main de ma\u00eetre par <strong>Antho : <\/strong>Carine, Christelle, Ludo int\u00e8grent l&rsquo;\u00e9quipe et rejoignent les fid\u00e8les : C\u00e9line, Tiphaine, Ga\u00e9tan et Thomas.<\/p>\n\n\n<div class=\"wp-block-image wp-image-2132 size-large\">\n<figure class=\"aligncenter\"><img loading=\"lazy\" decoding=\"async\" width=\"1024\" height=\"768\" src=\"http:\/\/www.cjfbadminton-stmalo.com\/wp-content\/uploads\/Equipe-2_J1-1024x768.jpg\" alt=\"\" class=\"wp-image-2132\" srcset=\"http:\/\/www.cjfbadminton-stmalo.com\/wp-content\/uploads\/Equipe-2_J1-1024x768.jpg 1024w, http:\/\/www.cjfbadminton-stmalo.com\/wp-content\/uploads\/Equipe-2_J1-300x225.jpg 300w, http:\/\/www.cjfbadminton-stmalo.com\/wp-content\/uploads\/Equipe-2_J1-768x576.jpg 768w\" sizes=\"auto, (max-width: 1024px) 100vw, 1024px\" \/><figcaption class=\"wp-element-caption\">Equipe 2 Saison 2017\/2018<\/figcaption><\/figure>\n<\/div>\n\n\n<p>L&rsquo;\u00e9quipe \u00e9volue en <strong>D\u00e9partementale 2, poule C<\/strong><\/p>\n\n\n\n<p><strong>Calendrier et R\u00e9sultats<\/strong><\/p>\n\n\n\n<figure class=\"wp-block-table\"><table class=\"has-fixed-layout\"><tbody><tr><th>Date<\/th><th>Journ\u00e9e<\/th><th>Rencontre<\/th><th>R\u00e9sultat<\/th><th>Classement<\/th><\/tr><tr><td>10\/10-10\/11\/2017<\/td><td>J1<\/td><td>CJF 2 &#8211; JAVENE 1<\/td><td>&nbsp;<a href=\"http:\/\/www.cjfbadminton-stmalo.com\/?p=2134\">4 \/ 4<\/a><\/td><td>&nbsp;4\u00e8me<\/td><\/tr><tr><td>13\/11 &#8211; 24\/11\/2017<\/td><td>J2<\/td><td>GEVEZE 1 &#8211; CJF 2<\/td><td><a href=\"http:\/\/www.cjfbadminton-stmalo.com\/?p=2141\">&nbsp;5 \/ 3<\/a><\/td><td>6\u00e8me&nbsp;<\/td><\/tr><tr><td>27\/11 &#8211; 8\/12\/2017<\/td><td>J3<\/td><td>CJF 2 &#8211; ST GILLES 1<\/td><td><a href=\"http:\/\/www.cjfbadminton-stmalo.com\/?p=2188\">&nbsp;8 \/ 0<\/a><\/td><td>&#8212;&nbsp;<\/td><\/tr><tr><td>11\/12 &#8211; 22\/12\/2017<\/td><td>J4<\/td><td>FLEURIGNE 1 &#8211; CJF 2<\/td><td><a href=\"http:\/\/www.cjfbadminton-stmalo.com\/?p=2195\">&nbsp;4 \/ 4<\/a><\/td><td>&nbsp;6\u00e8me<\/td><\/tr><tr><td>15\/01 &#8211; 26\/01\/2018<\/td><td>J5<\/td><td>CJF 2 &#8211; BCPF ST ETIENNE 1<\/td><td><a href=\"http:\/\/www.cjfbadminton-stmalo.com\/?p=2232\">&nbsp;6 \/ 2<\/a><\/td><td>&nbsp;4\u00e8me<\/td><\/tr><tr><td>29\/01 &#8211; 09\/02\/2018<\/td><td>J6<\/td><td>FIB ST GREGOIRE 2 &#8211; CJF 2<\/td><td><a href=\"http:\/\/www.cjfbadminton-stmalo.com\/?p=2262\">5 \/ 3<\/a><\/td><td>&nbsp;7\u00e8me<\/td><\/tr><tr><td>12\/02 &#8211; 23\/02\/2018<\/td><td>J7<\/td><td>CJF 2 &#8211; FIB PACE 2<\/td><td>&nbsp;<a href=\"http:\/\/www.cjfbadminton-stmalo.com\/?p=2276\">5 \/ 3<\/a><\/td><td>&nbsp;5\u00e8me<\/td><\/tr><tr><td>12\/03 &#8211; 23\/03\/2018<\/td><td>J8<\/td><td>EXEMPT<\/td><td>&nbsp;<\/td><td>&nbsp;<\/td><\/tr><tr><td>26\/03 &#8211; 06\/04\/2018<\/td><td>J9<\/td><td>CJF 2 &#8211; COMBOURG 1<\/td><td>&nbsp;<a href=\"http:\/\/www.cjfbadminton-stmalo.com\/?p=2283\">8 \/ 0<\/a><\/td><td>&nbsp;<\/td><\/tr><tr><td>09\/04 &#8211; 20\/04\/2018<\/td><td>J10<\/td><td>CJF 2 &#8211; ST MEEN 1<\/td><td>&nbsp;5 \/ 3<\/td><td>&nbsp;<\/td><\/tr><tr><td>07\/05 &#8211; 18\/05\/2018<\/td><td>J11<\/td><td>BCPF FOUGERES 1 &#8211; CJF 2<\/td><td>&nbsp;<a href=\"http:\/\/www.cjfbadminton-stmalo.com\/?p=2311\">2 \/6<\/a><\/td><td>&nbsp;3\u00e8me<\/td><\/tr><\/tbody><\/table><\/figure>\n\n\n\n<h2 class=\"wp-block-heading\">Saison 2016 &#8211; 2017 :<\/h2>\n\n\n\n<p>Encore une nouvelle saison avec un beau challenge pour cette \u00e9quipe, qui encore une fois a de \u00ab\u00a0nouvelles\u00a0\u00bb recrues, les gar\u00e7ons restent presqu&rsquo;inchang\u00e9s !<\/p>\n\n\n\n<p>Donc toujours le m\u00eame capitaine : Antho&#8230; Parmi les filles de l&rsquo;\u00e9quipe : C\u00e9line, Karen, M\u00e9guane, Tiphaine. Et chez les gar\u00e7ons : Anthony D, Ga\u00e9tan, K\u00e9vin, Thomas<br>L&rsquo;\u00e9quipe joue donc en D3, poule C<\/p>\n\n\n\n<p><strong>Calendrier et R\u00e9sultats<\/strong><\/p>\n\n\n\n<figure class=\"wp-block-table\"><table class=\"has-fixed-layout\"><tbody><tr><th>Date<\/th><th>Journ\u00e9e<\/th><th>Rencontre<\/th><th>R\u00e9sultat<\/th><th>Classement<\/th><\/tr><tr><td>7\/11-18\/11\/2016<\/td><td>J1<\/td><td>CJF 3 &#8211; IRODOUER 1<\/td><td>6\/2<\/td><td>&nbsp;<\/td><\/tr><tr><td>21\/11 &#8211; 02\/12\/2016<\/td><td>J2<\/td><td>REC 4 &#8211; CJF 3<\/td><td>&nbsp;6\/2<\/td><td>4\u00e8me<\/td><\/tr><tr><td>05\/12 &#8211; 16\/12\/2016<\/td><td>J3<\/td><td>PAS DE RENCONTRE<\/td><td>&nbsp;&#8212;-<\/td><td>???<\/td><\/tr><tr><td>09\/01 &#8211; 20\/01\/2017<\/td><td>J4<\/td><td>BCPF ST ETIENNE 2 &#8211; CJF 3<\/td><td>&nbsp;0 \/ 8<\/td><td>&nbsp;3\u00e8me<\/td><\/tr><tr><td>23\/01 &#8211; 03\/02\/2017<\/td><td>J5<\/td><td>BCPF ST AUBIN 1 &#8211; CJF 3<\/td><td>&nbsp;2 \/ 6<\/td><td>&nbsp;4\u00e8me<\/td><\/tr><tr><td>27\/02 &#8211; 10\/03\/2017<\/td><td>J6<\/td><td>CJF 3 &#8211; CPB RENNES 4<\/td><td>7 \/ 1&nbsp;<\/td><td>&nbsp;&#8212;-<\/td><\/tr><tr><td>13\/03 &#8211; 24\/03\/2017<\/td><td>J7<\/td><td>FIB ST GREGOIRE 5 &#8211; CJF 3<\/td><td>2 \/ 6&nbsp;<\/td><td>2\u00e8me*&nbsp;<\/td><\/tr><tr><td>27\/03 &#8211; 07\/04\/2017<\/td><td>J8<\/td><td>CJF 3 &#8211; CINTRE 1<\/td><td>&nbsp;8 \/ 0<\/td><td>&#8212;-&nbsp;<\/td><\/tr><tr><td>24\/04 &#8211; 05\/05\/2017<\/td><td>J9<\/td><td>CJF 3 &#8211; BETTON 3<\/td><td>&nbsp;8 \/ 0<\/td><td>&nbsp;1er<\/td><\/tr><\/tbody><\/table><\/figure>\n\n\n\n<p>* Une rencontre en moins par rapport au 1er de la poule&#8230;<\/p>\n\n\n\n<p>&nbsp;<\/p>\n","protected":false},"excerpt":{"rendered":"<p>Saison 2025-2026 Composition de l&rsquo;\u00e9quipe&nbsp; &nbsp; Hommes Femmes Baptiste BOYER Thiphaine BARBE Mathieu GALLARD Christelle GUIO Ludovic LE GAL Chiraz ROY Guillaume MEIRSMAN (capitaine) Laura TEXIER Cl\u00e9ment PALOS Ang\u00e9lique TRUCAS C\u00e9lia ZEGHERS-MERDRIGNAC Saison 2018 &#8211; 2019 :&nbsp; Pour sa premi\u00e8re saison en D2, l&rsquo;\u00e9quipe s&rsquo;en est bien sortie et termine 3\u00e8me de sa poule et &hellip; <a href=\"http:\/\/www.cjfbadminton-stmalo.com\/?page_id=526\" class=\"more-link\">Continuer la lecture de <span class=\"screen-reader-text\">Interclubs Mixte D2<\/span> <span class=\"meta-nav\">&rarr;<\/span><\/a><\/p>\n","protected":false},"author":1,"featured_media":0,"parent":4,"menu_order":0,"comment_status":"closed","ping_status":"closed","template":"","meta":{"ngg_post_thumbnail":0,"footnotes":""},"class_list":["post-526","page","type-page","status-publish","hentry"],"_links":{"self":[{"href":"http:\/\/www.cjfbadminton-stmalo.com\/index.php?rest_route=\/wp\/v2\/pages\/526","targetHints":{"allow":["GET"]}}],"collection":[{"href":"http:\/\/www.cjfbadminton-stmalo.com\/index.php?rest_route=\/wp\/v2\/pages"}],"about":[{"href":"http:\/\/www.cjfbadminton-stmalo.com\/index.php?rest_route=\/wp\/v2\/types\/page"}],"author":[{"embeddable":true,"href":"http:\/\/www.cjfbadminton-stmalo.com\/index.php?rest_route=\/wp\/v2\/users\/1"}],"replies":[{"embeddable":true,"href":"http:\/\/www.cjfbadminton-stmalo.com\/index.php?rest_route=%2Fwp%2Fv2%2Fcomments&post=526"}],"version-history":[{"count":83,"href":"http:\/\/www.cjfbadminton-stmalo.com\/index.php?rest_route=\/wp\/v2\/pages\/526\/revisions"}],"predecessor-version":[{"id":3129,"href":"http:\/\/www.cjfbadminton-stmalo.com\/index.php?rest_route=\/wp\/v2\/pages\/526\/revisions\/3129"}],"up":[{"embeddable":true,"href":"http:\/\/www.cjfbadminton-stmalo.com\/index.php?rest_route=\/wp\/v2\/pages\/4"}],"wp:attachment":[{"href":"http:\/\/www.cjfbadminton-stmalo.com\/index.php?rest_route=%2Fwp%2Fv2%2Fmedia&parent=526"}],"curies":[{"name":"wp","href":"https:\/\/api.w.org\/{rel}","templated":true}]}}